{"id":766,"date":"2024-02-09T18:07:18","date_gmt":"2024-02-09T18:07:18","guid":{"rendered":"https:\/\/congresointernacionaldepsicologia.com\/?post_type=tribe_events&#038;p=766"},"modified":"2024-11-11T18:42:31","modified_gmt":"2024-11-11T17:42:31","slug":"mesa-redonda-retos-de-la-psicoterapia-con-las-familias-actuales","status":"publish","type":"tribe_events","link":"https:\/\/congresointernacionaldepsicologia.com\/en\/evento\/mesa-redonda-retos-de-la-psicoterapia-con-las-familias-actuales\/","title":{"rendered":"ROUND TABLE: Challenges for psychotherapy with today&#039;s families"},"content":{"rendered":"\r\n\r\n\r\n<p>Moderadora: M\u00f3nica Gonzalo<\/p>\r\n<ul>\r\n<li><span class=\"OYPEnA text-decoration-none text-strikethrough-none\"><strong>Neuropsicolog\u00eda infantil:<\/strong> \u00bfc\u00f3mo explicar el funcionamiento cerebral a los m\u00e1s peque\u00f1os? <\/span><span class=\"OYPEnA text-decoration-none text-strikethrough-none\">Rafa Guerrero. <\/span><span class=\"OYPEnA text-decoration-none text-strikethrough-none\">Director Darwin Psic\u00f3logos, autor colecci\u00f3n Neuroemociones.<\/span><\/li>\r\n<li><strong><span class=\"OYPEnA text-decoration-none text-strikethrough-none\">El valor del juego en contextos familiares. <\/span><\/strong><span class=\"OYPEnA text-decoration-none text-strikethrough-none\">Loretta Cornejo. <\/span><span class=\"OYPEnA text-decoration-none text-strikethrough-none\">Directora UMAYQUIPAE.<\/span><\/li>\r\n<li><strong><span class=\"OYPEnA text-decoration-none text-strikethrough-none\">La musicoterapia en el desarrollo de la inteligencia emocional.<\/span><\/strong> <span class=\"OYPEnA text-decoration-none text-strikethrough-none\">Bego\u00f1a Ibarrola<\/span><span class=\"OYPEnA text-decoration-none text-strikethrough-none\">. Psic\u00f3loga experta en Inteligencia Emocional.<\/span><\/li>\r\n<li><span class=\"OYPEnA text-decoration-none text-strikethrough-none\"><strong>Manejo de los l\u00edmites en el sistema familiar a trav\u00e9s de la psicoterapia<\/strong>. <\/span><span class=\"OYPEnA text-decoration-none text-strikethrough-none\">Milena Gonz\u00e1lez.<\/span><span class=\"OYPEnA text-decoration-none text-strikethrough-none\"> Influencer Unamamapsicologa.<\/span><\/li>\r\n<\/ul>\r\n[boton_salon_actos]","protected":false},"excerpt":{"rendered":"<p>Moderadora: M\u00f3nica Gonzalo Neuropsicolog\u00eda infantil: \u00bfc\u00f3mo explicar el funcionamiento cerebral a los m\u00e1s peque\u00f1os? Rafa Guerrero. Director Darwin Psic\u00f3logos, autor colecci\u00f3n Neuroemociones. El valor del juego en contextos familiares. Loretta [&hellip;]<\/p>\n","protected":false},"author":1,"featured_media":3126,"template":"","meta":{"_tribe_events_status":"","_tribe_events_status_reason":"","footnotes":""},"tags":[],"tribe_events_cat":[],"class_list":["post-766","tribe_events","type-tribe_events","status-publish","has-post-thumbnail","hentry"],"yoast_head":"<!-- This site is optimized with the Yoast SEO plugin v27.5 - https:\/\/yoast.com\/product\/yoast-seo-wordpress\/ -->\n<title>MESA REDONDA: Retos de la psicoterapia con las familias actuales - Congreso Internacional de Psicoterapia Sist\u00e9mica<\/title>\n<meta name=\"robots\" content=\"index, follow, max-snippet:-1, max-image-preview:large, max-video-preview:-1\" \/>\n<link rel=\"canonical\" href=\"https:\/\/congresointernacionaldepsicologia.com\/en\/evento\/mesa-redonda-retos-de-la-psicoterapia-con-las-familias-actuales\/\" \/>\n<meta property=\"og:locale\" content=\"en_US\" \/>\n<meta property=\"og:type\" content=\"article\" \/>\n<meta property=\"og:title\" content=\"MESA REDONDA: Retos de la psicoterapia con las familias actuales - Congreso Internacional de Psicoterapia Sist\u00e9mica\" \/>\n<meta property=\"og:description\" content=\"Moderadora: M\u00f3nica Gonzalo Neuropsicolog\u00eda infantil: \u00bfc\u00f3mo explicar el funcionamiento cerebral a los m\u00e1s peque\u00f1os? Rafa Guerrero. Director Darwin Psic\u00f3logos, autor colecci\u00f3n Neuroemociones. El valor del juego en contextos familiares. Loretta [&hellip;]\" \/>\n<meta property=\"og:url\" content=\"https:\/\/congresointernacionaldepsicologia.com\/en\/evento\/mesa-redonda-retos-de-la-psicoterapia-con-las-familias-actuales\/\" \/>\n<meta property=\"og:site_name\" content=\"Congreso Internacional de Psicoterapia Sist\u00e9mica\" \/>\n<meta property=\"article:modified_time\" content=\"2024-11-11T17:42:31+00:00\" \/>\n<meta property=\"og:image\" content=\"https:\/\/congresointernacionaldepsicologia.com\/wp-content\/uploads\/2024\/02\/8-1.png\" \/>\n\t<meta property=\"og:image:width\" content=\"1920\" \/>\n\t<meta property=\"og:image:height\" content=\"1080\" \/>\n\t<meta property=\"og:image:type\" content=\"image\/png\" \/>\n<meta name=\"twitter:card\" content=\"summary_large_image\" \/>\n<meta name=\"twitter:label1\" content=\"Est. reading time\" \/>\n\t<meta name=\"twitter:data1\" content=\"1 minute\" \/>\n<script type=\"application\/ld+json\" class=\"yoast-schema-graph\">{\"@context\":\"https:\\\/\\\/schema.org\",\"@graph\":[{\"@type\":\"WebPage\",\"@id\":\"https:\\\/\\\/congresointernacionaldepsicologia.com\\\/evento\\\/mesa-redonda-retos-de-la-psicoterapia-con-las-familias-actuales\\\/\",\"url\":\"https:\\\/\\\/congresointernacionaldepsicologia.com\\\/evento\\\/mesa-redonda-retos-de-la-psicoterapia-con-las-familias-actuales\\\/\",\"name\":\"MESA REDONDA: Retos de la psicoterapia con las familias actuales - Congreso Internacional de Psicoterapia Sist\u00e9mica\",\"isPartOf\":{\"@id\":\"https:\\\/\\\/congresointernacionaldepsicologia.com\\\/#website\"},\"primaryImageOfPage\":{\"@id\":\"https:\\\/\\\/congresointernacionaldepsicologia.com\\\/evento\\\/mesa-redonda-retos-de-la-psicoterapia-con-las-familias-actuales\\\/#primaryimage\"},\"image\":{\"@id\":\"https:\\\/\\\/congresointernacionaldepsicologia.com\\\/evento\\\/mesa-redonda-retos-de-la-psicoterapia-con-las-familias-actuales\\\/#primaryimage\"},\"thumbnailUrl\":\"https:\\\/\\\/congresointernacionaldepsicologia.com\\\/wp-content\\\/uploads\\\/2024\\\/02\\\/8-1.png\",\"datePublished\":\"2024-02-09T18:07:18+00:00\",\"dateModified\":\"2024-11-11T17:42:31+00:00\",\"breadcrumb\":{\"@id\":\"https:\\\/\\\/congresointernacionaldepsicologia.com\\\/evento\\\/mesa-redonda-retos-de-la-psicoterapia-con-las-familias-actuales\\\/#breadcrumb\"},\"inLanguage\":\"en-US\",\"potentialAction\":[{\"@type\":\"ReadAction\",\"target\":[\"https:\\\/\\\/congresointernacionaldepsicologia.com\\\/evento\\\/mesa-redonda-retos-de-la-psicoterapia-con-las-familias-actuales\\\/\"]}]},{\"@type\":\"ImageObject\",\"inLanguage\":\"en-US\",\"@id\":\"https:\\\/\\\/congresointernacionaldepsicologia.com\\\/evento\\\/mesa-redonda-retos-de-la-psicoterapia-con-las-familias-actuales\\\/#primaryimage\",\"url\":\"https:\\\/\\\/congresointernacionaldepsicologia.com\\\/wp-content\\\/uploads\\\/2024\\\/02\\\/8-1.png\",\"contentUrl\":\"https:\\\/\\\/congresointernacionaldepsicologia.com\\\/wp-content\\\/uploads\\\/2024\\\/02\\\/8-1.png\",\"width\":1920,\"height\":1080},{\"@type\":\"BreadcrumbList\",\"@id\":\"https:\\\/\\\/congresointernacionaldepsicologia.com\\\/evento\\\/mesa-redonda-retos-de-la-psicoterapia-con-las-familias-actuales\\\/#breadcrumb\",\"itemListElement\":[{\"@type\":\"ListItem\",\"position\":1,\"name\":\"Portada\",\"item\":\"https:\\\/\\\/congresointernacionaldepsicologia.com\\\/\"},{\"@type\":\"ListItem\",\"position\":2,\"name\":\"Eventos\",\"item\":\"https:\\\/\\\/congresointernacionaldepsicologia.com\\\/events\\\/\"},{\"@type\":\"ListItem\",\"position\":3,\"name\":\"MESA REDONDA: Retos de la psicoterapia con las familias actuales\"}]},{\"@type\":\"WebSite\",\"@id\":\"https:\\\/\\\/congresointernacionaldepsicologia.com\\\/#website\",\"url\":\"https:\\\/\\\/congresointernacionaldepsicologia.com\\\/\",\"name\":\"Congreso Internacional de Psicoterapia Sist\u00e9mica\",\"description\":\"\",\"publisher\":{\"@id\":\"https:\\\/\\\/congresointernacionaldepsicologia.com\\\/#organization\"},\"potentialAction\":[{\"@type\":\"SearchAction\",\"target\":{\"@type\":\"EntryPoint\",\"urlTemplate\":\"https:\\\/\\\/congresointernacionaldepsicologia.com\\\/?s={search_term_string}\"},\"query-input\":{\"@type\":\"PropertyValueSpecification\",\"valueRequired\":true,\"valueName\":\"search_term_string\"}}],\"inLanguage\":\"en-US\"},{\"@type\":\"Organization\",\"@id\":\"https:\\\/\\\/congresointernacionaldepsicologia.com\\\/#organization\",\"name\":\"Congreso Internacional de Psicoterapia Sist\u00e9mica\",\"url\":\"https:\\\/\\\/congresointernacionaldepsicologia.com\\\/\",\"logo\":{\"@type\":\"ImageObject\",\"inLanguage\":\"en-US\",\"@id\":\"https:\\\/\\\/congresointernacionaldepsicologia.com\\\/#\\\/schema\\\/logo\\\/image\\\/\",\"url\":\"https:\\\/\\\/congresointernacionaldepsicologia.com\\\/wp-content\\\/uploads\\\/2025\\\/02\\\/cropped-LOGO-CONGRESO-2026.png\",\"contentUrl\":\"https:\\\/\\\/congresointernacionaldepsicologia.com\\\/wp-content\\\/uploads\\\/2025\\\/02\\\/cropped-LOGO-CONGRESO-2026.png\",\"width\":4560,\"height\":1302,\"caption\":\"Congreso Internacional de Psicoterapia Sist\u00e9mica\"},\"image\":{\"@id\":\"https:\\\/\\\/congresointernacionaldepsicologia.com\\\/#\\\/schema\\\/logo\\\/image\\\/\"}}]}<\/script>\n<!-- \/ Yoast SEO plugin. -->","yoast_head_json":{"title":"MESA REDONDA: Retos de la psicoterapia con las familias actuales - Congreso Internacional de Psicoterapia Sist\u00e9mica","robots":{"index":"index","follow":"follow","max-snippet":"max-snippet:-1","max-image-preview":"max-image-preview:large","max-video-preview":"max-video-preview:-1"},"canonical":"https:\/\/congresointernacionaldepsicologia.com\/en\/evento\/mesa-redonda-retos-de-la-psicoterapia-con-las-familias-actuales\/","og_locale":"en_US","og_type":"article","og_title":"MESA REDONDA: Retos de la psicoterapia con las familias actuales - Congreso Internacional de Psicoterapia Sist\u00e9mica","og_description":"Moderadora: M\u00f3nica Gonzalo Neuropsicolog\u00eda infantil: \u00bfc\u00f3mo explicar el funcionamiento cerebral a los m\u00e1s peque\u00f1os? Rafa Guerrero. Director Darwin Psic\u00f3logos, autor colecci\u00f3n Neuroemociones. El valor del juego en contextos familiares. Loretta [&hellip;]","og_url":"https:\/\/congresointernacionaldepsicologia.com\/en\/evento\/mesa-redonda-retos-de-la-psicoterapia-con-las-familias-actuales\/","og_site_name":"Congreso Internacional de Psicoterapia Sist\u00e9mica","article_modified_time":"2024-11-11T17:42:31+00:00","og_image":[{"width":1920,"height":1080,"url":"https:\/\/congresointernacionaldepsicologia.com\/wp-content\/uploads\/2024\/02\/8-1.png","type":"image\/png"}],"twitter_card":"summary_large_image","twitter_misc":{"Est. reading time":"1 minute"},"schema":{"@context":"https:\/\/schema.org","@graph":[{"@type":"WebPage","@id":"https:\/\/congresointernacionaldepsicologia.com\/evento\/mesa-redonda-retos-de-la-psicoterapia-con-las-familias-actuales\/","url":"https:\/\/congresointernacionaldepsicologia.com\/evento\/mesa-redonda-retos-de-la-psicoterapia-con-las-familias-actuales\/","name":"MESA REDONDA: Retos de la psicoterapia con las familias actuales - Congreso Internacional de Psicoterapia Sist\u00e9mica","isPartOf":{"@id":"https:\/\/congresointernacionaldepsicologia.com\/#website"},"primaryImageOfPage":{"@id":"https:\/\/congresointernacionaldepsicologia.com\/evento\/mesa-redonda-retos-de-la-psicoterapia-con-las-familias-actuales\/#primaryimage"},"image":{"@id":"https:\/\/congresointernacionaldepsicologia.com\/evento\/mesa-redonda-retos-de-la-psicoterapia-con-las-familias-actuales\/#primaryimage"},"thumbnailUrl":"https:\/\/congresointernacionaldepsicologia.com\/wp-content\/uploads\/2024\/02\/8-1.png","datePublished":"2024-02-09T18:07:18+00:00","dateModified":"2024-11-11T17:42:31+00:00","breadcrumb":{"@id":"https:\/\/congresointernacionaldepsicologia.com\/evento\/mesa-redonda-retos-de-la-psicoterapia-con-las-familias-actuales\/#breadcrumb"},"inLanguage":"en-US","potentialAction":[{"@type":"ReadAction","target":["https:\/\/congresointernacionaldepsicologia.com\/evento\/mesa-redonda-retos-de-la-psicoterapia-con-las-familias-actuales\/"]}]},{"@type":"ImageObject","inLanguage":"en-US","@id":"https:\/\/congresointernacionaldepsicologia.com\/evento\/mesa-redonda-retos-de-la-psicoterapia-con-las-familias-actuales\/#primaryimage","url":"https:\/\/congresointernacionaldepsicologia.com\/wp-content\/uploads\/2024\/02\/8-1.png","contentUrl":"https:\/\/congresointernacionaldepsicologia.com\/wp-content\/uploads\/2024\/02\/8-1.png","width":1920,"height":1080},{"@type":"BreadcrumbList","@id":"https:\/\/congresointernacionaldepsicologia.com\/evento\/mesa-redonda-retos-de-la-psicoterapia-con-las-familias-actuales\/#breadcrumb","itemListElement":[{"@type":"ListItem","position":1,"name":"Portada","item":"https:\/\/congresointernacionaldepsicologia.com\/"},{"@type":"ListItem","position":2,"name":"Eventos","item":"https:\/\/congresointernacionaldepsicologia.com\/events\/"},{"@type":"ListItem","position":3,"name":"MESA REDONDA: Retos de la psicoterapia con las familias actuales"}]},{"@type":"WebSite","@id":"https:\/\/congresointernacionaldepsicologia.com\/#website","url":"https:\/\/congresointernacionaldepsicologia.com\/","name":"Congreso Internacional de Psicoterapia Sist\u00e9mica","description":"","publisher":{"@id":"https:\/\/congresointernacionaldepsicologia.com\/#organization"},"potentialAction":[{"@type":"SearchAction","target":{"@type":"EntryPoint","urlTemplate":"https:\/\/congresointernacionaldepsicologia.com\/?s={search_term_string}"},"query-input":{"@type":"PropertyValueSpecification","valueRequired":true,"valueName":"search_term_string"}}],"inLanguage":"en-US"},{"@type":"Organization","@id":"https:\/\/congresointernacionaldepsicologia.com\/#organization","name":"Congreso Internacional de Psicoterapia Sist\u00e9mica","url":"https:\/\/congresointernacionaldepsicologia.com\/","logo":{"@type":"ImageObject","inLanguage":"en-US","@id":"https:\/\/congresointernacionaldepsicologia.com\/#\/schema\/logo\/image\/","url":"https:\/\/congresointernacionaldepsicologia.com\/wp-content\/uploads\/2025\/02\/cropped-LOGO-CONGRESO-2026.png","contentUrl":"https:\/\/congresointernacionaldepsicologia.com\/wp-content\/uploads\/2025\/02\/cropped-LOGO-CONGRESO-2026.png","width":4560,"height":1302,"caption":"Congreso Internacional de Psicoterapia Sist\u00e9mica"},"image":{"@id":"https:\/\/congresointernacionaldepsicologia.com\/#\/schema\/logo\/image\/"}}]}},"_links":{"self":[{"href":"https:\/\/congresointernacionaldepsicologia.com\/en\/wp-json\/wp\/v2\/tribe_events\/766","targetHints":{"allow":["GET"]}}],"collection":[{"href":"https:\/\/congresointernacionaldepsicologia.com\/en\/wp-json\/wp\/v2\/tribe_events"}],"about":[{"href":"https:\/\/congresointernacionaldepsicologia.com\/en\/wp-json\/wp\/v2\/types\/tribe_events"}],"author":[{"embeddable":true,"href":"https:\/\/congresointernacionaldepsicologia.com\/en\/wp-json\/wp\/v2\/users\/1"}],"version-history":[{"count":12,"href":"https:\/\/congresointernacionaldepsicologia.com\/en\/wp-json\/wp\/v2\/tribe_events\/766\/revisions"}],"predecessor-version":[{"id":3168,"href":"https:\/\/congresointernacionaldepsicologia.com\/en\/wp-json\/wp\/v2\/tribe_events\/766\/revisions\/3168"}],"wp:featuredmedia":[{"embeddable":true,"href":"https:\/\/congresointernacionaldepsicologia.com\/en\/wp-json\/wp\/v2\/media\/3126"}],"wp:attachment":[{"href":"https:\/\/congresointernacionaldepsicologia.com\/en\/wp-json\/wp\/v2\/media?parent=766"}],"wp:term":[{"taxonomy":"post_tag","embeddable":true,"href":"https:\/\/congresointernacionaldepsicologia.com\/en\/wp-json\/wp\/v2\/tags?post=766"},{"taxonomy":"tribe_events_cat","embeddable":true,"href":"https:\/\/congresointernacionaldepsicologia.com\/en\/wp-json\/wp\/v2\/tribe_events_cat?post=766"}],"curies":[{"name":"wp","href":"https:\/\/api.w.org\/{rel}","templated":true}]}}