{"id":526,"date":"2024-02-08T18:35:13","date_gmt":"2024-02-08T18:35:13","guid":{"rendered":"https:\/\/congresointernacionaldepsicologia.com\/?post_type=tribe_events&#038;p=526"},"modified":"2024-11-11T18:48:37","modified_gmt":"2024-11-11T17:48:37","slug":"avances-en-la-regulacion-de-la-psicoterapia-una-realidad-cada-dia-mas-cerca","status":"publish","type":"tribe_events","link":"https:\/\/congresointernacionaldepsicologia.com\/en\/evento\/avances-en-la-regulacion-de-la-psicoterapia-una-realidad-cada-dia-mas-cerca\/","title":{"rendered":"Advances in the regulation of Psychotherapy: a reality each day closer"},"content":{"rendered":"<p>Conferencia apertura<\/p>\n<p>16:30-17:30H<\/p>\n<p>Avances en la regulaci\u00f3n de la Psicoterapia: una realidad cada d\u00eda m\u00e1s cerca.<\/p>\n<p>Guillermo Mattioli, Vice-Presidente Consejo General de la Psicolog\u00eda y Decano del<br \/>\nColegio Oficial de la Psicolog\u00eda de Catalu\u00f1a.<\/p>\n<p>[boton_salon_actos]<\/p>\n","protected":false},"excerpt":{"rendered":"<p>Conferencia apertura 16:30-17:30H Avances en la regulaci\u00f3n de la Psicoterapia: una realidad cada d\u00eda m\u00e1s cerca. Guillermo Mattioli, Vice-Presidente Consejo General de la Psicolog\u00eda y Decano del Colegio Oficial de [&hellip;]<\/p>\n","protected":false},"author":2,"featured_media":1846,"template":"","meta":{"_tribe_events_status":"","_tribe_events_status_reason":"","footnotes":""},"tags":[],"tribe_events_cat":[],"class_list":["post-526","tribe_events","type-tribe_events","status-publish","has-post-thumbnail","hentry"],"yoast_head":"<!-- This site is optimized with the Yoast SEO plugin v27.5 - https:\/\/yoast.com\/product\/yoast-seo-wordpress\/ -->\n<title>Avances en la regulaci\u00f3n de la Psicoterapia: una realidad cada d\u00eda m\u00e1s cerca - Congreso Internacional de Psicoterapia Sist\u00e9mica<\/title>\n<meta name=\"robots\" content=\"index, follow, max-snippet:-1, max-image-preview:large, max-video-preview:-1\" \/>\n<link rel=\"canonical\" href=\"https:\/\/congresointernacionaldepsicologia.com\/en\/evento\/avances-en-la-regulacion-de-la-psicoterapia-una-realidad-cada-dia-mas-cerca\/\" \/>\n<meta property=\"og:locale\" content=\"en_US\" \/>\n<meta property=\"og:type\" content=\"article\" \/>\n<meta property=\"og:title\" content=\"Avances en la regulaci\u00f3n de la Psicoterapia: una realidad cada d\u00eda m\u00e1s cerca - Congreso Internacional de Psicoterapia Sist\u00e9mica\" \/>\n<meta property=\"og:description\" content=\"Conferencia apertura 16:30-17:30H Avances en la regulaci\u00f3n de la Psicoterapia: una realidad cada d\u00eda m\u00e1s cerca. Guillermo Mattioli, Vice-Presidente Consejo General de la Psicolog\u00eda y Decano del Colegio Oficial de [&hellip;]\" \/>\n<meta property=\"og:url\" content=\"https:\/\/congresointernacionaldepsicologia.com\/en\/evento\/avances-en-la-regulacion-de-la-psicoterapia-una-realidad-cada-dia-mas-cerca\/\" \/>\n<meta property=\"og:site_name\" content=\"Congreso Internacional de Psicoterapia Sist\u00e9mica\" \/>\n<meta property=\"article:modified_time\" content=\"2024-11-11T17:48:37+00:00\" \/>\n<meta property=\"og:image\" content=\"https:\/\/congresointernacionaldepsicologia.com\/wp-content\/uploads\/2024\/02\/FONDOS-PONENCIAS-CONGRESO-3.png\" \/>\n\t<meta property=\"og:image:width\" content=\"1920\" \/>\n\t<meta property=\"og:image:height\" content=\"1080\" \/>\n\t<meta property=\"og:image:type\" content=\"image\/png\" \/>\n<meta name=\"twitter:card\" content=\"summary_large_image\" \/>\n<meta name=\"twitter:label1\" content=\"Est. reading time\" \/>\n\t<meta name=\"twitter:data1\" content=\"1 minute\" \/>\n<script type=\"application\/ld+json\" class=\"yoast-schema-graph\">{\"@context\":\"https:\\\/\\\/schema.org\",\"@graph\":[{\"@type\":\"WebPage\",\"@id\":\"https:\\\/\\\/congresointernacionaldepsicologia.com\\\/evento\\\/avances-en-la-regulacion-de-la-psicoterapia-una-realidad-cada-dia-mas-cerca\\\/\",\"url\":\"https:\\\/\\\/congresointernacionaldepsicologia.com\\\/evento\\\/avances-en-la-regulacion-de-la-psicoterapia-una-realidad-cada-dia-mas-cerca\\\/\",\"name\":\"Avances en la regulaci\u00f3n de la Psicoterapia: una realidad cada d\u00eda m\u00e1s cerca - Congreso Internacional de Psicoterapia Sist\u00e9mica\",\"isPartOf\":{\"@id\":\"https:\\\/\\\/congresointernacionaldepsicologia.com\\\/#website\"},\"primaryImageOfPage\":{\"@id\":\"https:\\\/\\\/congresointernacionaldepsicologia.com\\\/evento\\\/avances-en-la-regulacion-de-la-psicoterapia-una-realidad-cada-dia-mas-cerca\\\/#primaryimage\"},\"image\":{\"@id\":\"https:\\\/\\\/congresointernacionaldepsicologia.com\\\/evento\\\/avances-en-la-regulacion-de-la-psicoterapia-una-realidad-cada-dia-mas-cerca\\\/#primaryimage\"},\"thumbnailUrl\":\"https:\\\/\\\/congresointernacionaldepsicologia.com\\\/wp-content\\\/uploads\\\/2024\\\/02\\\/FONDOS-PONENCIAS-CONGRESO-3.png\",\"datePublished\":\"2024-02-08T18:35:13+00:00\",\"dateModified\":\"2024-11-11T17:48:37+00:00\",\"breadcrumb\":{\"@id\":\"https:\\\/\\\/congresointernacionaldepsicologia.com\\\/evento\\\/avances-en-la-regulacion-de-la-psicoterapia-una-realidad-cada-dia-mas-cerca\\\/#breadcrumb\"},\"inLanguage\":\"en-US\",\"potentialAction\":[{\"@type\":\"ReadAction\",\"target\":[\"https:\\\/\\\/congresointernacionaldepsicologia.com\\\/evento\\\/avances-en-la-regulacion-de-la-psicoterapia-una-realidad-cada-dia-mas-cerca\\\/\"]}]},{\"@type\":\"ImageObject\",\"inLanguage\":\"en-US\",\"@id\":\"https:\\\/\\\/congresointernacionaldepsicologia.com\\\/evento\\\/avances-en-la-regulacion-de-la-psicoterapia-una-realidad-cada-dia-mas-cerca\\\/#primaryimage\",\"url\":\"https:\\\/\\\/congresointernacionaldepsicologia.com\\\/wp-content\\\/uploads\\\/2024\\\/02\\\/FONDOS-PONENCIAS-CONGRESO-3.png\",\"contentUrl\":\"https:\\\/\\\/congresointernacionaldepsicologia.com\\\/wp-content\\\/uploads\\\/2024\\\/02\\\/FONDOS-PONENCIAS-CONGRESO-3.png\",\"width\":1920,\"height\":1080},{\"@type\":\"BreadcrumbList\",\"@id\":\"https:\\\/\\\/congresointernacionaldepsicologia.com\\\/evento\\\/avances-en-la-regulacion-de-la-psicoterapia-una-realidad-cada-dia-mas-cerca\\\/#breadcrumb\",\"itemListElement\":[{\"@type\":\"ListItem\",\"position\":1,\"name\":\"Portada\",\"item\":\"https:\\\/\\\/congresointernacionaldepsicologia.com\\\/\"},{\"@type\":\"ListItem\",\"position\":2,\"name\":\"Eventos\",\"item\":\"https:\\\/\\\/congresointernacionaldepsicologia.com\\\/events\\\/\"},{\"@type\":\"ListItem\",\"position\":3,\"name\":\"Avances en la regulaci\u00f3n de la Psicoterapia: una realidad cada d\u00eda m\u00e1s cerca\"}]},{\"@type\":\"WebSite\",\"@id\":\"https:\\\/\\\/congresointernacionaldepsicologia.com\\\/#website\",\"url\":\"https:\\\/\\\/congresointernacionaldepsicologia.com\\\/\",\"name\":\"Congreso Internacional de Psicoterapia Sist\u00e9mica\",\"description\":\"\",\"publisher\":{\"@id\":\"https:\\\/\\\/congresointernacionaldepsicologia.com\\\/#organization\"},\"potentialAction\":[{\"@type\":\"SearchAction\",\"target\":{\"@type\":\"EntryPoint\",\"urlTemplate\":\"https:\\\/\\\/congresointernacionaldepsicologia.com\\\/?s={search_term_string}\"},\"query-input\":{\"@type\":\"PropertyValueSpecification\",\"valueRequired\":true,\"valueName\":\"search_term_string\"}}],\"inLanguage\":\"en-US\"},{\"@type\":\"Organization\",\"@id\":\"https:\\\/\\\/congresointernacionaldepsicologia.com\\\/#organization\",\"name\":\"Congreso Internacional de Psicoterapia Sist\u00e9mica\",\"url\":\"https:\\\/\\\/congresointernacionaldepsicologia.com\\\/\",\"logo\":{\"@type\":\"ImageObject\",\"inLanguage\":\"en-US\",\"@id\":\"https:\\\/\\\/congresointernacionaldepsicologia.com\\\/#\\\/schema\\\/logo\\\/image\\\/\",\"url\":\"https:\\\/\\\/congresointernacionaldepsicologia.com\\\/wp-content\\\/uploads\\\/2025\\\/02\\\/cropped-LOGO-CONGRESO-2026.png\",\"contentUrl\":\"https:\\\/\\\/congresointernacionaldepsicologia.com\\\/wp-content\\\/uploads\\\/2025\\\/02\\\/cropped-LOGO-CONGRESO-2026.png\",\"width\":4560,\"height\":1302,\"caption\":\"Congreso Internacional de Psicoterapia Sist\u00e9mica\"},\"image\":{\"@id\":\"https:\\\/\\\/congresointernacionaldepsicologia.com\\\/#\\\/schema\\\/logo\\\/image\\\/\"}}]}<\/script>\n<!-- \/ Yoast SEO plugin. -->","yoast_head_json":{"title":"Avances en la regulaci\u00f3n de la Psicoterapia: una realidad cada d\u00eda m\u00e1s cerca - Congreso Internacional de Psicoterapia Sist\u00e9mica","robots":{"index":"index","follow":"follow","max-snippet":"max-snippet:-1","max-image-preview":"max-image-preview:large","max-video-preview":"max-video-preview:-1"},"canonical":"https:\/\/congresointernacionaldepsicologia.com\/en\/evento\/avances-en-la-regulacion-de-la-psicoterapia-una-realidad-cada-dia-mas-cerca\/","og_locale":"en_US","og_type":"article","og_title":"Avances en la regulaci\u00f3n de la Psicoterapia: una realidad cada d\u00eda m\u00e1s cerca - Congreso Internacional de Psicoterapia Sist\u00e9mica","og_description":"Conferencia apertura 16:30-17:30H Avances en la regulaci\u00f3n de la Psicoterapia: una realidad cada d\u00eda m\u00e1s cerca. Guillermo Mattioli, Vice-Presidente Consejo General de la Psicolog\u00eda y Decano del Colegio Oficial de [&hellip;]","og_url":"https:\/\/congresointernacionaldepsicologia.com\/en\/evento\/avances-en-la-regulacion-de-la-psicoterapia-una-realidad-cada-dia-mas-cerca\/","og_site_name":"Congreso Internacional de Psicoterapia Sist\u00e9mica","article_modified_time":"2024-11-11T17:48:37+00:00","og_image":[{"width":1920,"height":1080,"url":"https:\/\/congresointernacionaldepsicologia.com\/wp-content\/uploads\/2024\/02\/FONDOS-PONENCIAS-CONGRESO-3.png","type":"image\/png"}],"twitter_card":"summary_large_image","twitter_misc":{"Est. reading time":"1 minute"},"schema":{"@context":"https:\/\/schema.org","@graph":[{"@type":"WebPage","@id":"https:\/\/congresointernacionaldepsicologia.com\/evento\/avances-en-la-regulacion-de-la-psicoterapia-una-realidad-cada-dia-mas-cerca\/","url":"https:\/\/congresointernacionaldepsicologia.com\/evento\/avances-en-la-regulacion-de-la-psicoterapia-una-realidad-cada-dia-mas-cerca\/","name":"Avances en la regulaci\u00f3n de la Psicoterapia: una realidad cada d\u00eda m\u00e1s cerca - Congreso Internacional de Psicoterapia Sist\u00e9mica","isPartOf":{"@id":"https:\/\/congresointernacionaldepsicologia.com\/#website"},"primaryImageOfPage":{"@id":"https:\/\/congresointernacionaldepsicologia.com\/evento\/avances-en-la-regulacion-de-la-psicoterapia-una-realidad-cada-dia-mas-cerca\/#primaryimage"},"image":{"@id":"https:\/\/congresointernacionaldepsicologia.com\/evento\/avances-en-la-regulacion-de-la-psicoterapia-una-realidad-cada-dia-mas-cerca\/#primaryimage"},"thumbnailUrl":"https:\/\/congresointernacionaldepsicologia.com\/wp-content\/uploads\/2024\/02\/FONDOS-PONENCIAS-CONGRESO-3.png","datePublished":"2024-02-08T18:35:13+00:00","dateModified":"2024-11-11T17:48:37+00:00","breadcrumb":{"@id":"https:\/\/congresointernacionaldepsicologia.com\/evento\/avances-en-la-regulacion-de-la-psicoterapia-una-realidad-cada-dia-mas-cerca\/#breadcrumb"},"inLanguage":"en-US","potentialAction":[{"@type":"ReadAction","target":["https:\/\/congresointernacionaldepsicologia.com\/evento\/avances-en-la-regulacion-de-la-psicoterapia-una-realidad-cada-dia-mas-cerca\/"]}]},{"@type":"ImageObject","inLanguage":"en-US","@id":"https:\/\/congresointernacionaldepsicologia.com\/evento\/avances-en-la-regulacion-de-la-psicoterapia-una-realidad-cada-dia-mas-cerca\/#primaryimage","url":"https:\/\/congresointernacionaldepsicologia.com\/wp-content\/uploads\/2024\/02\/FONDOS-PONENCIAS-CONGRESO-3.png","contentUrl":"https:\/\/congresointernacionaldepsicologia.com\/wp-content\/uploads\/2024\/02\/FONDOS-PONENCIAS-CONGRESO-3.png","width":1920,"height":1080},{"@type":"BreadcrumbList","@id":"https:\/\/congresointernacionaldepsicologia.com\/evento\/avances-en-la-regulacion-de-la-psicoterapia-una-realidad-cada-dia-mas-cerca\/#breadcrumb","itemListElement":[{"@type":"ListItem","position":1,"name":"Portada","item":"https:\/\/congresointernacionaldepsicologia.com\/"},{"@type":"ListItem","position":2,"name":"Eventos","item":"https:\/\/congresointernacionaldepsicologia.com\/events\/"},{"@type":"ListItem","position":3,"name":"Avances en la regulaci\u00f3n de la Psicoterapia: una realidad cada d\u00eda m\u00e1s cerca"}]},{"@type":"WebSite","@id":"https:\/\/congresointernacionaldepsicologia.com\/#website","url":"https:\/\/congresointernacionaldepsicologia.com\/","name":"Congreso Internacional de Psicoterapia Sist\u00e9mica","description":"","publisher":{"@id":"https:\/\/congresointernacionaldepsicologia.com\/#organization"},"potentialAction":[{"@type":"SearchAction","target":{"@type":"EntryPoint","urlTemplate":"https:\/\/congresointernacionaldepsicologia.com\/?s={search_term_string}"},"query-input":{"@type":"PropertyValueSpecification","valueRequired":true,"valueName":"search_term_string"}}],"inLanguage":"en-US"},{"@type":"Organization","@id":"https:\/\/congresointernacionaldepsicologia.com\/#organization","name":"Congreso Internacional de Psicoterapia Sist\u00e9mica","url":"https:\/\/congresointernacionaldepsicologia.com\/","logo":{"@type":"ImageObject","inLanguage":"en-US","@id":"https:\/\/congresointernacionaldepsicologia.com\/#\/schema\/logo\/image\/","url":"https:\/\/congresointernacionaldepsicologia.com\/wp-content\/uploads\/2025\/02\/cropped-LOGO-CONGRESO-2026.png","contentUrl":"https:\/\/congresointernacionaldepsicologia.com\/wp-content\/uploads\/2025\/02\/cropped-LOGO-CONGRESO-2026.png","width":4560,"height":1302,"caption":"Congreso Internacional de Psicoterapia Sist\u00e9mica"},"image":{"@id":"https:\/\/congresointernacionaldepsicologia.com\/#\/schema\/logo\/image\/"}}]}},"_links":{"self":[{"href":"https:\/\/congresointernacionaldepsicologia.com\/en\/wp-json\/wp\/v2\/tribe_events\/526","targetHints":{"allow":["GET"]}}],"collection":[{"href":"https:\/\/congresointernacionaldepsicologia.com\/en\/wp-json\/wp\/v2\/tribe_events"}],"about":[{"href":"https:\/\/congresointernacionaldepsicologia.com\/en\/wp-json\/wp\/v2\/types\/tribe_events"}],"author":[{"embeddable":true,"href":"https:\/\/congresointernacionaldepsicologia.com\/en\/wp-json\/wp\/v2\/users\/2"}],"version-history":[{"count":9,"href":"https:\/\/congresointernacionaldepsicologia.com\/en\/wp-json\/wp\/v2\/tribe_events\/526\/revisions"}],"predecessor-version":[{"id":3173,"href":"https:\/\/congresointernacionaldepsicologia.com\/en\/wp-json\/wp\/v2\/tribe_events\/526\/revisions\/3173"}],"wp:featuredmedia":[{"embeddable":true,"href":"https:\/\/congresointernacionaldepsicologia.com\/en\/wp-json\/wp\/v2\/media\/1846"}],"wp:attachment":[{"href":"https:\/\/congresointernacionaldepsicologia.com\/en\/wp-json\/wp\/v2\/media?parent=526"}],"wp:term":[{"taxonomy":"post_tag","embeddable":true,"href":"https:\/\/congresointernacionaldepsicologia.com\/en\/wp-json\/wp\/v2\/tags?post=526"},{"taxonomy":"tribe_events_cat","embeddable":true,"href":"https:\/\/congresointernacionaldepsicologia.com\/en\/wp-json\/wp\/v2\/tribe_events_cat?post=526"}],"curies":[{"name":"wp","href":"https:\/\/api.w.org\/{rel}","templated":true}]}}