{"id":1932,"date":"2024-02-20T21:14:03","date_gmt":"2024-02-20T20:14:03","guid":{"rendered":"https:\/\/congresointernacionaldepsicologia.com\/?post_type=tribe_events&#038;p=1932"},"modified":"2024-11-11T18:40:27","modified_gmt":"2024-11-11T17:40:27","slug":"mesa-redonda-competencias-y-salud-del-psicoterapeuta","status":"publish","type":"tribe_events","link":"https:\/\/congresointernacionaldepsicologia.com\/en\/evento\/mesa-redonda-competencias-y-salud-del-psicoterapeuta\/","title":{"rendered":"ROUND TABLE: Skills and health of the psychotherapist"},"content":{"rendered":"<p>Moderadora: Carola \u00c1ngel<\/p>\n<ul>\n<li><span class=\"OYPEnA text-decoration-none text-strikethrough-none\">Salud integral del Psicoterapeuta. <\/span><span class=\"OYPEnA text-decoration-none text-strikethrough-none\">Eduardo Torres. <\/span><span class=\"OYPEnA text-decoration-none text-strikethrough-none\">Director UDICAP.<\/span><\/li>\n<li><span class=\"OYPEnA font-feature-liga-off font-feature-clig-off font-feature-calt-off text-decoration-none text-strikethrough-none\">La realidad de la regulaci\u00f3n de la tele-psicolog\u00eda en Espa\u00f1a,<\/span> <span class=\"OYPEnA font-feature-liga-off font-feature-clig-off font-feature-calt-off text-decoration-none text-strikethrough-none\">D\u00f1a.Timanfaya Hern\u00e1ndez<\/span><span class=\"OYPEnA font-feature-liga-off font-feature-clig-off font-feature-calt-off text-decoration-none text-strikethrough-none\">. Vice-decana COPM.<\/span><\/li>\n<li><span class=\"OYPEnA text-decoration-none text-strikethrough-none\">T\u00e9cnicas y habilidades para aumentar la eficacia en Psicoterapia. <\/span><span class=\"OYPEnA text-decoration-none text-strikethrough-none\">Manuel Paz.<\/span><span class=\"OYPEnA text-decoration-none text-strikethrough-none\"> Director de Ipsimed.<\/span><\/li>\n<\/ul>\n<p>[boton_salon_actos]<\/p>\n","protected":false},"excerpt":{"rendered":"<p>Moderadora: Carola \u00c1ngel Salud integral del Psicoterapeuta. Eduardo Torres. Director UDICAP. La realidad de la regulaci\u00f3n de la tele-psicolog\u00eda en Espa\u00f1a, D\u00f1a.Timanfaya Hern\u00e1ndez. Vice-decana COPM. T\u00e9cnicas y habilidades para aumentar [&hellip;]<\/p>\n","protected":false},"author":5,"featured_media":3121,"template":"","meta":{"_tribe_events_status":"","_tribe_events_status_reason":"","footnotes":""},"tags":[],"tribe_events_cat":[],"class_list":["post-1932","tribe_events","type-tribe_events","status-publish","has-post-thumbnail","hentry"],"yoast_head":"<!-- This site is optimized with the Yoast SEO plugin v27.5 - https:\/\/yoast.com\/product\/yoast-seo-wordpress\/ -->\n<title>MESA REDONDA: Competencias y salud del psicoterapeuta - Congreso Internacional de Psicoterapia Sist\u00e9mica<\/title>\n<meta name=\"robots\" content=\"index, follow, max-snippet:-1, max-image-preview:large, max-video-preview:-1\" \/>\n<link rel=\"canonical\" href=\"https:\/\/congresointernacionaldepsicologia.com\/en\/evento\/mesa-redonda-competencias-y-salud-del-psicoterapeuta\/\" \/>\n<meta property=\"og:locale\" content=\"en_US\" \/>\n<meta property=\"og:type\" content=\"article\" \/>\n<meta property=\"og:title\" content=\"MESA REDONDA: Competencias y salud del psicoterapeuta - Congreso Internacional de Psicoterapia Sist\u00e9mica\" \/>\n<meta property=\"og:description\" content=\"Moderadora: Carola \u00c1ngel Salud integral del Psicoterapeuta. Eduardo Torres. Director UDICAP. La realidad de la regulaci\u00f3n de la tele-psicolog\u00eda en Espa\u00f1a, D\u00f1a.Timanfaya Hern\u00e1ndez. Vice-decana COPM. T\u00e9cnicas y habilidades para aumentar [&hellip;]\" \/>\n<meta property=\"og:url\" content=\"https:\/\/congresointernacionaldepsicologia.com\/en\/evento\/mesa-redonda-competencias-y-salud-del-psicoterapeuta\/\" \/>\n<meta property=\"og:site_name\" content=\"Congreso Internacional de Psicoterapia Sist\u00e9mica\" \/>\n<meta property=\"article:modified_time\" content=\"2024-11-11T17:40:27+00:00\" \/>\n<meta property=\"og:image\" content=\"https:\/\/congresointernacionaldepsicologia.com\/wp-content\/uploads\/2024\/02\/5-1.png\" \/>\n\t<meta property=\"og:image:width\" content=\"1920\" \/>\n\t<meta property=\"og:image:height\" content=\"1080\" \/>\n\t<meta property=\"og:image:type\" content=\"image\/png\" \/>\n<meta name=\"twitter:card\" content=\"summary_large_image\" \/>\n<meta name=\"twitter:label1\" content=\"Est. reading time\" \/>\n\t<meta name=\"twitter:data1\" content=\"1 minute\" \/>\n<script type=\"application\/ld+json\" class=\"yoast-schema-graph\">{\"@context\":\"https:\\\/\\\/schema.org\",\"@graph\":[{\"@type\":\"WebPage\",\"@id\":\"https:\\\/\\\/congresointernacionaldepsicologia.com\\\/evento\\\/mesa-redonda-competencias-y-salud-del-psicoterapeuta\\\/\",\"url\":\"https:\\\/\\\/congresointernacionaldepsicologia.com\\\/evento\\\/mesa-redonda-competencias-y-salud-del-psicoterapeuta\\\/\",\"name\":\"MESA REDONDA: Competencias y salud del psicoterapeuta - Congreso Internacional de Psicoterapia Sist\u00e9mica\",\"isPartOf\":{\"@id\":\"https:\\\/\\\/congresointernacionaldepsicologia.com\\\/#website\"},\"primaryImageOfPage\":{\"@id\":\"https:\\\/\\\/congresointernacionaldepsicologia.com\\\/evento\\\/mesa-redonda-competencias-y-salud-del-psicoterapeuta\\\/#primaryimage\"},\"image\":{\"@id\":\"https:\\\/\\\/congresointernacionaldepsicologia.com\\\/evento\\\/mesa-redonda-competencias-y-salud-del-psicoterapeuta\\\/#primaryimage\"},\"thumbnailUrl\":\"https:\\\/\\\/congresointernacionaldepsicologia.com\\\/wp-content\\\/uploads\\\/2024\\\/02\\\/5-1.png\",\"datePublished\":\"2024-02-20T20:14:03+00:00\",\"dateModified\":\"2024-11-11T17:40:27+00:00\",\"breadcrumb\":{\"@id\":\"https:\\\/\\\/congresointernacionaldepsicologia.com\\\/evento\\\/mesa-redonda-competencias-y-salud-del-psicoterapeuta\\\/#breadcrumb\"},\"inLanguage\":\"en-US\",\"potentialAction\":[{\"@type\":\"ReadAction\",\"target\":[\"https:\\\/\\\/congresointernacionaldepsicologia.com\\\/evento\\\/mesa-redonda-competencias-y-salud-del-psicoterapeuta\\\/\"]}]},{\"@type\":\"ImageObject\",\"inLanguage\":\"en-US\",\"@id\":\"https:\\\/\\\/congresointernacionaldepsicologia.com\\\/evento\\\/mesa-redonda-competencias-y-salud-del-psicoterapeuta\\\/#primaryimage\",\"url\":\"https:\\\/\\\/congresointernacionaldepsicologia.com\\\/wp-content\\\/uploads\\\/2024\\\/02\\\/5-1.png\",\"contentUrl\":\"https:\\\/\\\/congresointernacionaldepsicologia.com\\\/wp-content\\\/uploads\\\/2024\\\/02\\\/5-1.png\",\"width\":1920,\"height\":1080},{\"@type\":\"BreadcrumbList\",\"@id\":\"https:\\\/\\\/congresointernacionaldepsicologia.com\\\/evento\\\/mesa-redonda-competencias-y-salud-del-psicoterapeuta\\\/#breadcrumb\",\"itemListElement\":[{\"@type\":\"ListItem\",\"position\":1,\"name\":\"Portada\",\"item\":\"https:\\\/\\\/congresointernacionaldepsicologia.com\\\/\"},{\"@type\":\"ListItem\",\"position\":2,\"name\":\"Eventos\",\"item\":\"https:\\\/\\\/congresointernacionaldepsicologia.com\\\/events\\\/\"},{\"@type\":\"ListItem\",\"position\":3,\"name\":\"MESA REDONDA: Competencias y salud del psicoterapeuta\"}]},{\"@type\":\"WebSite\",\"@id\":\"https:\\\/\\\/congresointernacionaldepsicologia.com\\\/#website\",\"url\":\"https:\\\/\\\/congresointernacionaldepsicologia.com\\\/\",\"name\":\"Congreso Internacional de Psicoterapia Sist\u00e9mica\",\"description\":\"\",\"publisher\":{\"@id\":\"https:\\\/\\\/congresointernacionaldepsicologia.com\\\/#organization\"},\"potentialAction\":[{\"@type\":\"SearchAction\",\"target\":{\"@type\":\"EntryPoint\",\"urlTemplate\":\"https:\\\/\\\/congresointernacionaldepsicologia.com\\\/?s={search_term_string}\"},\"query-input\":{\"@type\":\"PropertyValueSpecification\",\"valueRequired\":true,\"valueName\":\"search_term_string\"}}],\"inLanguage\":\"en-US\"},{\"@type\":\"Organization\",\"@id\":\"https:\\\/\\\/congresointernacionaldepsicologia.com\\\/#organization\",\"name\":\"Congreso Internacional de Psicoterapia Sist\u00e9mica\",\"url\":\"https:\\\/\\\/congresointernacionaldepsicologia.com\\\/\",\"logo\":{\"@type\":\"ImageObject\",\"inLanguage\":\"en-US\",\"@id\":\"https:\\\/\\\/congresointernacionaldepsicologia.com\\\/#\\\/schema\\\/logo\\\/image\\\/\",\"url\":\"https:\\\/\\\/congresointernacionaldepsicologia.com\\\/wp-content\\\/uploads\\\/2025\\\/02\\\/cropped-LOGO-CONGRESO-2026.png\",\"contentUrl\":\"https:\\\/\\\/congresointernacionaldepsicologia.com\\\/wp-content\\\/uploads\\\/2025\\\/02\\\/cropped-LOGO-CONGRESO-2026.png\",\"width\":4560,\"height\":1302,\"caption\":\"Congreso Internacional de Psicoterapia Sist\u00e9mica\"},\"image\":{\"@id\":\"https:\\\/\\\/congresointernacionaldepsicologia.com\\\/#\\\/schema\\\/logo\\\/image\\\/\"}}]}<\/script>\n<!-- \/ Yoast SEO plugin. -->","yoast_head_json":{"title":"MESA REDONDA: Competencias y salud del psicoterapeuta - Congreso Internacional de Psicoterapia Sist\u00e9mica","robots":{"index":"index","follow":"follow","max-snippet":"max-snippet:-1","max-image-preview":"max-image-preview:large","max-video-preview":"max-video-preview:-1"},"canonical":"https:\/\/congresointernacionaldepsicologia.com\/en\/evento\/mesa-redonda-competencias-y-salud-del-psicoterapeuta\/","og_locale":"en_US","og_type":"article","og_title":"MESA REDONDA: Competencias y salud del psicoterapeuta - Congreso Internacional de Psicoterapia Sist\u00e9mica","og_description":"Moderadora: Carola \u00c1ngel Salud integral del Psicoterapeuta. Eduardo Torres. Director UDICAP. La realidad de la regulaci\u00f3n de la tele-psicolog\u00eda en Espa\u00f1a, D\u00f1a.Timanfaya Hern\u00e1ndez. Vice-decana COPM. T\u00e9cnicas y habilidades para aumentar [&hellip;]","og_url":"https:\/\/congresointernacionaldepsicologia.com\/en\/evento\/mesa-redonda-competencias-y-salud-del-psicoterapeuta\/","og_site_name":"Congreso Internacional de Psicoterapia Sist\u00e9mica","article_modified_time":"2024-11-11T17:40:27+00:00","og_image":[{"width":1920,"height":1080,"url":"https:\/\/congresointernacionaldepsicologia.com\/wp-content\/uploads\/2024\/02\/5-1.png","type":"image\/png"}],"twitter_card":"summary_large_image","twitter_misc":{"Est. reading time":"1 minute"},"schema":{"@context":"https:\/\/schema.org","@graph":[{"@type":"WebPage","@id":"https:\/\/congresointernacionaldepsicologia.com\/evento\/mesa-redonda-competencias-y-salud-del-psicoterapeuta\/","url":"https:\/\/congresointernacionaldepsicologia.com\/evento\/mesa-redonda-competencias-y-salud-del-psicoterapeuta\/","name":"MESA REDONDA: Competencias y salud del psicoterapeuta - Congreso Internacional de Psicoterapia Sist\u00e9mica","isPartOf":{"@id":"https:\/\/congresointernacionaldepsicologia.com\/#website"},"primaryImageOfPage":{"@id":"https:\/\/congresointernacionaldepsicologia.com\/evento\/mesa-redonda-competencias-y-salud-del-psicoterapeuta\/#primaryimage"},"image":{"@id":"https:\/\/congresointernacionaldepsicologia.com\/evento\/mesa-redonda-competencias-y-salud-del-psicoterapeuta\/#primaryimage"},"thumbnailUrl":"https:\/\/congresointernacionaldepsicologia.com\/wp-content\/uploads\/2024\/02\/5-1.png","datePublished":"2024-02-20T20:14:03+00:00","dateModified":"2024-11-11T17:40:27+00:00","breadcrumb":{"@id":"https:\/\/congresointernacionaldepsicologia.com\/evento\/mesa-redonda-competencias-y-salud-del-psicoterapeuta\/#breadcrumb"},"inLanguage":"en-US","potentialAction":[{"@type":"ReadAction","target":["https:\/\/congresointernacionaldepsicologia.com\/evento\/mesa-redonda-competencias-y-salud-del-psicoterapeuta\/"]}]},{"@type":"ImageObject","inLanguage":"en-US","@id":"https:\/\/congresointernacionaldepsicologia.com\/evento\/mesa-redonda-competencias-y-salud-del-psicoterapeuta\/#primaryimage","url":"https:\/\/congresointernacionaldepsicologia.com\/wp-content\/uploads\/2024\/02\/5-1.png","contentUrl":"https:\/\/congresointernacionaldepsicologia.com\/wp-content\/uploads\/2024\/02\/5-1.png","width":1920,"height":1080},{"@type":"BreadcrumbList","@id":"https:\/\/congresointernacionaldepsicologia.com\/evento\/mesa-redonda-competencias-y-salud-del-psicoterapeuta\/#breadcrumb","itemListElement":[{"@type":"ListItem","position":1,"name":"Portada","item":"https:\/\/congresointernacionaldepsicologia.com\/"},{"@type":"ListItem","position":2,"name":"Eventos","item":"https:\/\/congresointernacionaldepsicologia.com\/events\/"},{"@type":"ListItem","position":3,"name":"MESA REDONDA: Competencias y salud del psicoterapeuta"}]},{"@type":"WebSite","@id":"https:\/\/congresointernacionaldepsicologia.com\/#website","url":"https:\/\/congresointernacionaldepsicologia.com\/","name":"Congreso Internacional de Psicoterapia Sist\u00e9mica","description":"","publisher":{"@id":"https:\/\/congresointernacionaldepsicologia.com\/#organization"},"potentialAction":[{"@type":"SearchAction","target":{"@type":"EntryPoint","urlTemplate":"https:\/\/congresointernacionaldepsicologia.com\/?s={search_term_string}"},"query-input":{"@type":"PropertyValueSpecification","valueRequired":true,"valueName":"search_term_string"}}],"inLanguage":"en-US"},{"@type":"Organization","@id":"https:\/\/congresointernacionaldepsicologia.com\/#organization","name":"Congreso Internacional de Psicoterapia Sist\u00e9mica","url":"https:\/\/congresointernacionaldepsicologia.com\/","logo":{"@type":"ImageObject","inLanguage":"en-US","@id":"https:\/\/congresointernacionaldepsicologia.com\/#\/schema\/logo\/image\/","url":"https:\/\/congresointernacionaldepsicologia.com\/wp-content\/uploads\/2025\/02\/cropped-LOGO-CONGRESO-2026.png","contentUrl":"https:\/\/congresointernacionaldepsicologia.com\/wp-content\/uploads\/2025\/02\/cropped-LOGO-CONGRESO-2026.png","width":4560,"height":1302,"caption":"Congreso Internacional de Psicoterapia Sist\u00e9mica"},"image":{"@id":"https:\/\/congresointernacionaldepsicologia.com\/#\/schema\/logo\/image\/"}}]}},"_links":{"self":[{"href":"https:\/\/congresointernacionaldepsicologia.com\/en\/wp-json\/wp\/v2\/tribe_events\/1932","targetHints":{"allow":["GET"]}}],"collection":[{"href":"https:\/\/congresointernacionaldepsicologia.com\/en\/wp-json\/wp\/v2\/tribe_events"}],"about":[{"href":"https:\/\/congresointernacionaldepsicologia.com\/en\/wp-json\/wp\/v2\/types\/tribe_events"}],"author":[{"embeddable":true,"href":"https:\/\/congresointernacionaldepsicologia.com\/en\/wp-json\/wp\/v2\/users\/5"}],"version-history":[{"count":6,"href":"https:\/\/congresointernacionaldepsicologia.com\/en\/wp-json\/wp\/v2\/tribe_events\/1932\/revisions"}],"predecessor-version":[{"id":3162,"href":"https:\/\/congresointernacionaldepsicologia.com\/en\/wp-json\/wp\/v2\/tribe_events\/1932\/revisions\/3162"}],"wp:featuredmedia":[{"embeddable":true,"href":"https:\/\/congresointernacionaldepsicologia.com\/en\/wp-json\/wp\/v2\/media\/3121"}],"wp:attachment":[{"href":"https:\/\/congresointernacionaldepsicologia.com\/en\/wp-json\/wp\/v2\/media?parent=1932"}],"wp:term":[{"taxonomy":"post_tag","embeddable":true,"href":"https:\/\/congresointernacionaldepsicologia.com\/en\/wp-json\/wp\/v2\/tags?post=1932"},{"taxonomy":"tribe_events_cat","embeddable":true,"href":"https:\/\/congresointernacionaldepsicologia.com\/en\/wp-json\/wp\/v2\/tribe_events_cat?post=1932"}],"curies":[{"name":"wp","href":"https:\/\/api.w.org\/{rel}","templated":true}]}}